{"id":3760,"date":"2016-01-18T13:16:41","date_gmt":"2016-01-18T13:16:41","guid":{"rendered":"http:\/\/sedra.hr\/?page_id=3760"},"modified":"2024-02-20T14:03:49","modified_gmt":"2024-02-20T14:03:49","slug":"arbeitsschutzkoordinator-i-und-ii","status":"publish","type":"page","link":"https:\/\/sedra.hr\/de\/dienstleistungen\/arbeitsschutzkoordinator-i-und-ii\/","title":{"rendered":"Arbeitsschutzkoordinator I und II"},"content":{"rendered":"<div class=\"fusion-fullwidth fullwidth-box fusion-builder-row-1 fusion-flex-container hundred-percent-fullwidth non-hundred-percent-height-scrolling\" style=\"background-color: rgba(255,255,255,0);background-position: center center;background-repeat: no-repeat;border-width: 0px 0px 0px 0px;border-color:#eae9e9;border-style:solid;\" ><div class=\"fusion-builder-row fusion-row fusion-flex-align-items-flex-start\" style=\"width:104% !important;max-width:104% !important;margin-left: calc(-4% \/ 2 );margin-right: calc(-4% \/ 2 );\"><div class=\"fusion-layout-column fusion_builder_column fusion-builder-column-0 fusion_builder_column_1_1 1_1 fusion-flex-column fusion-flex-align-self-flex-start fusion-column-no-min-height\"><div class=\"fusion-column-wrapper fusion-flex-justify-content-flex-start fusion-content-layout-column\" style=\"background-position:left top;background-repeat:no-repeat;-webkit-background-size:cover;-moz-background-size:cover;-o-background-size:cover;background-size:cover;padding: 0px 0px 0px 0px;\"><div class=\"fusion-separator fusion-full-width-sep\" style=\"align-self: center;margin-left: auto;margin-right: auto;width:100%;\"><div class=\"fusion-separator-border sep-single sep-solid\" style=\"border-color:#b44c43;border-top-width:1px;\"><\/div><\/div><\/div><style type=\"text\/css\">.fusion-body .fusion-builder-column-0{width:100% !important;margin-top : 0px;margin-bottom : 0px;}.fusion-builder-column-0 > .fusion-column-wrapper {padding-top : 0px !important;padding-right : 0px !important;margin-right : 1.92%;padding-bottom : 0px !important;padding-left : 0px !important;margin-left : 1.92%;}@media only screen and (max-width:1024px) {.fusion-body .fusion-builder-column-0{width:100% !important;order : 0;}.fusion-builder-column-0 > .fusion-column-wrapper {margin-right : 1.92%;margin-left : 1.92%;}}@media only screen and (max-width:640px) {.fusion-body .fusion-builder-column-0{width:100% !important;order : 0;}.fusion-builder-column-0 > .fusion-column-wrapper {margin-right : 1.92%;margin-left : 1.92%;}}<\/style><\/div><div class=\"fusion-layout-column fusion_builder_column fusion-builder-column-1 fusion_builder_column_2_3 2_3 fusion-flex-column fusion-flex-align-self-flex-start fusion-column-no-min-height\"><div class=\"fusion-column-wrapper fusion-flex-justify-content-flex-start fusion-content-layout-column\" style=\"background-position:left top;background-repeat:no-repeat;-webkit-background-size:cover;-moz-background-size:cover;-o-background-size:cover;background-size:cover;padding: 0px 0px 0px 0px;\"><div class=\"fusion-text fusion-text-1\"><h3><strong>Arbeitsschutzkoordinator I und II<\/strong><\/h3>\n<p>Nach den \u00c4nderungen des Gesetzes \u00fcber die berufliche Schutzgesetz (NN 86\/ 08 und 116\/ 08) aus dem Jahr 2008, wurden neue Konzepte eingef\u00fchrt worden, und zwar:<\/p>\n<ul>\n<li>COORDINATOR I &#8211; in der Konstruktionsphase<\/li>\n<li>COORDINATOR II \u2013 in der Bauphase.<\/li>\n<\/ul>\n<p>Parallel dazu hat Verordnung zur Arbeitssicherheit bei tempor\u00e4ren und mobilen Baustellen (NN 51\/ 08 ). eingesetzt worden , dass mit der Richtlinie 92\/57\/EEZ der Europ\u00e4ischen Union \u00fcber die Mindest Sicherheit und Gesundheitsschutz auf zeitlich begrenzte oder Mobil richtet Baustellen.<\/p>\n<p>Aufgaben des Koordinators ich in der Konzeption des Projektes:<\/p>\n<ul>\n<li>Koordinierung der Umsetzung der Grunds\u00e4tze der Arbeitssicherheit und Gesundheit<\/li>\n<li>Entwicklung oder Befehle geben Bauarbeiten Plan zu entwickeln , unter Ber\u00fccksichtigung der Vorschriften f\u00fcr den jeweiligen Ort und k\u00fcmmert sich um alle auf dem Standort durchgef\u00fchrten T\u00e4tigkeiten<\/li>\n<li>Erstellen Sie die Dokumentation, die die Besonderheiten des Projekts sowie wichtige Sicherheits-und Gesundheitsinformationen, die erforderlich sind, um nach dem Bau angewendet werden darf<\/li>\n<\/ul>\n<p>Aufgaben des Koordinators II in der Bauphase sind:<\/p>\n<ul>\n<li>Koordinierung der Umsetzung der Grunds\u00e4tze der Arbeitssicherheit und Gesundheit:\n<ul>\n<li>Bei Entscheidungen \u00fcber technische und \/ oder organisatorische Ma\u00dfnahmen in der Planungsphase von einzelnen Arbeits<\/li>\n<li>Bestimmung der Bedingungen, die f\u00fcr den sicheren Abschluss bestimmter Phasen der Arbeit, die gleichzeitig oder nacheinander durchgef\u00fchrt wird, notwendig sind<\/li>\n<\/ul>\n<\/li>\n<li>Koordinierung der Durchf\u00fchrung von geeigneten Verfahren, dass Arbeitgeber und andere Personen zu gew\u00e4hrleisten:\n<ul>\n<li>Die Grunds\u00e4tze der Arbeitssicherheit und Gesundheitsschutz konsequent anwenden<\/li>\n<li>Arbeiten ausf\u00fchren gem\u00e4\u00df den Plan funktioniert<\/li>\n<\/ul>\n<\/li>\n<li>Entwicklung oder die Entwicklung der notwendigen Anpassungen der Planwerkeund Dokumentation von \u00c4nderungen an der Website<\/li>\n<li>Um die Zusammenarbeit und die gegenseitige Berichterstattung aller Vertragspartner und ihre Arbeitnehmervertreter, die zusammen oder nacheinander (sequentiell) arbeiten auf dem gleichen Gel\u00e4nde organisieren, um Verletzungen zu vermeiden und den Schutz der Gesundheit der Arbeitnehmer<\/li>\n<li>\u00dcberpr\u00fcfen Sie, dass die Arbeitsabl\u00e4ufe in einer sicheren Weise durchgef\u00fchrt und koordiniert die erforderlichen Aktivit\u00e4ten<\/li>\n<li>Vereinbaren Sie, dass die Website k\u00f6nnen nur von Personen, die in ihm besch\u00e4ftigt sind zugegriffen werden, und diejenigen, die eine Genehmigung Eintrag auf der Website zu haben<\/li>\n<\/ul>\n<h3><strong>Ernennung des Koordinators<\/strong><\/h3>\n<p>Der Anleger ist verpflichtet, einen oder mehrere Koordinatoren f\u00fcr Sicherheit und Gesundheit zu ernennen, wenn die Arbeit durchgef\u00fchrt wird oder geplant ist durch zwei oder mehrere Vertragspartner durchgef\u00fchrt werden.<\/p>\n<p>Der Anleger muss Koordinator (en) vor allem f\u00fcr die Projektplanungsphaseund Bauphase zu ernennen.<\/p>\n<h3>Baustelle Log-in-<\/h3>\n<p>Der Anleger ist verpflichtet, die Website in \u00dcbereinstimmung mit den Informationen im Falle von bestimmten registrieren<\/p>\n<ul>\n<li>Voraussichtliche Dauer der Arbeiten mehr als 30 Arbeitstage, an denen mehr als 20 Mitarbeiter gleichzeitig arbeiten, oder<\/li>\n<li>Wenn die beabsichtigte Umfang der Arbeiten ist von 500 Personen &#8211; oder mehr Tagen.<\/li>\n<\/ul>\n<p>Im Fall der Durchf\u00fchrung besonders gef\u00e4hrlicher Arbeit, hat die Website -Login gemacht werden , unabh\u00e4ngig von der Dauer der Arbeit und die Zahl der Arbeitnehmer , die diese Arbeit zu verrichten.<\/p>\n<p>Der Anleger erforderlich ist, mindestens acht Tage vor Beginn der Arbeiten auf der Baustelle, um die Anwendung auf die Website f\u00fcr die Arbeitsaufsicht oder andere geeignete Beh\u00f6rde die Vorlage Arbeitsplan zust\u00e4ndigen Stelle einreichen.<\/p>\n<p>Wenn es nur einen Vertragspartner , der Durchf\u00fchrung gef\u00e4hrlicher Arbeiten auf der Baustelle, oder arbeiten f\u00fcr einen Zeitraum von mehr als f\u00fcnf Tage, es innerhalb von 8 Tagen vor Beginn der Website erforderlich arbeitet, um die Anwendung auf die f\u00fcr die Arbeitsaufsicht oder andere geeignete Beh\u00f6rde zust\u00e4ndigen Stelle einreichen mit der Vorlage des Plan Umsetzung funktioniert.<\/p>\n<p>Eine Kopie der Applikationsstelle ist gut sichtbar auf der Website angezeigt werden.<\/p>\n<p>Die Applikationsstelle ist erforderlich, um dem Anleger im Falle von \u00c4nderungen der Zeitplan der Fertigstellung der Arbeit, als auch im Falle der Einf\u00fchrung einer neuen Auftragnehmer oder vor\u00fcbergehende Aussetzung der Arbeit beeinflussen zu aktualisieren.<\/p>\n<p>Strafbestimmungen:<\/p>\n<p>werden von der Occupational Safety and Health Act (NN 59\/96 , 94 \/96 114\/ 03, 100\/ 04, 86\/ 08, 116\/ 08, 75\/ 09) in Artikel 103a, 103b und 109a, kurz gesagt, wie vorgeschrieben folgt:<\/p>\n<ul>\n<li>&#8222;Eine Geldstrafe von 20.000,00 bis 90.000,00 Kuna wird auf der Investor auferlegt werden, wenn er einen Koordinator f\u00fcr die Arbeitssicherheit w\u00e4hrend des Projekts zu ernennen ausf\u00e4llt oder nicht , einen Koordinator f\u00fcr Arbeitssicherheit und Gesundheitsschutz w\u00e4hrend der Bauarbeiten zu ernennen.&#8220;<\/li>\n<li>\n<ul>\n<li>gem. 263 zum Leben zu gef\u00e4hrden und gef\u00e4hrliche Handlungen oder \u00f6ffentliche Mittel<\/li>\n<li>gem. 265 f\u00fcr Sch\u00e4den an Schutzeinrichtungen bei der Arbeit verantwortlich gemacht werden<\/li>\n<li>enschen k\u00f6nnen verantwortlich und strafbar sein nach dem Strafgesetzbuch:<\/li>\n<li>gem. 266 f\u00fcr Bauarbeiten gef\u00e4hrlich und<\/li>\n<li>gem. 271 f\u00fcr schwere Straftaten gegen die \u00f6ffentliche Sicherheit<\/li>\n<\/ul>\n<\/li>\n<\/ul>\n<\/div><div class=\"fusion-text fusion-text-2\"><h3><strong>Dokumente (PDF)<\/strong><\/h3>\n<ul>\n<li><strong><a href=\"https:\/\/sedra.hr\/wp-content\/uploads\/2022\/09\/Zakon-o-zastiti-na-radu-NN-71-14-118-14-154-14-94-18-96-18.pdf\" target=\"_blank\" rel=\"noopener\">Arbeitsschutzgesetz \u2013 konsolidierter Text des Gesetzes NN 71\/14, 118\/14, 154\/14, 94\/18, 96\/18<\/a><\/strong><\/li>\n<li><strong><a href=\"https:\/\/sedra.hr\/wp-content\/uploads\/2022\/09\/Pravilnik-o-zastiti-na-radu-za-mjesta-rada-NN-105-2020.pdf\" target=\"_blank\" rel=\"noopener\">Arbeitsschutzverordnung f\u00fcr Arbeitsst\u00e4tten NN 105-2020<\/a><\/strong><\/li>\n<li><a href=\"https:\/\/sedra.hr\/wp-content\/uploads\/2022\/09\/Pravilnik-o-zastiti-na-radu-na-privremenim-gradilistima-NN-48-18.pdf\" target=\"_blank\" rel=\"noopener\"><strong>Verordnung \u00fcber den Arbeitsschutz auf tempor\u00e4ren Baustellen NN 48-18<\/strong><\/a><\/li>\n<\/ul>\n<\/div><\/div><style type=\"text\/css\">.fusion-body .fusion-builder-column-1{width:66.666666666667% !important;margin-top : 0px;margin-bottom : 20px;}.fusion-builder-column-1 > .fusion-column-wrapper {padding-top : 0px !important;padding-right : 0px !important;margin-right : 2.88%;padding-bottom : 0px !important;padding-left : 0px !important;margin-left : 2.88%;}@media only screen and (max-width:1024px) {.fusion-body .fusion-builder-column-1{width:66.666666666667% !important;order : 0;}.fusion-builder-column-1 > .fusion-column-wrapper {margin-right : 2.88%;margin-left : 2.88%;}}@media only screen and (max-width:640px) {.fusion-body .fusion-builder-column-1{width:100% !important;order : 0;}.fusion-builder-column-1 > .fusion-column-wrapper {margin-right : 1.92%;margin-left : 1.92%;}}<\/style><\/div><div class=\"fusion-layout-column fusion_builder_column fusion-builder-column-2 fusion_builder_column_1_3 1_3 fusion-flex-column\"><div class=\"fusion-column-wrapper fusion-flex-justify-content-flex-start fusion-content-layout-column\" style=\"background-position:left top;background-repeat:no-repeat;-webkit-background-size:cover;-moz-background-size:cover;-o-background-size:cover;background-size:cover;padding: 0px 0px 0px 0px;\"><div ><span class=\" fusion-imageframe imageframe-none imageframe-1 hover-type-none\"><a class=\"fusion-no-lightbox\" href=\"http:\/\/sedra.hr\/de\/dienstleistungen\/fachbauleitung\/\" target=\"_self\" aria-label=\"1-FACHBAULEITUNG-300&#215;100-new\"><img decoding=\"async\" width=\"300\" height=\"100\" src=\"http:\/\/sedra.hr\/wp-content\/uploads\/2017\/10\/1-FACHBAULEITUNG-300x100-new.jpg\" alt class=\"img-responsive wp-image-3012\"\/><\/a><\/span><\/div><div ><span class=\" fusion-imageframe imageframe-none imageframe-2 hover-type-none\"><a class=\"fusion-no-lightbox\" href=\"http:\/\/sedra.hr\/de\/dienstleistungen\/planung\/\" target=\"_self\" aria-label=\"2-PLANUNG-300&#215;100-new\"><img decoding=\"async\" width=\"300\" height=\"100\" src=\"http:\/\/sedra.hr\/wp-content\/uploads\/2017\/10\/2-PLANUNG-300x100-new.jpg\" alt class=\"img-responsive wp-image-3010\"\/><\/a><\/span><\/div><div ><span class=\" fusion-imageframe imageframe-none imageframe-3 hover-type-none\"><a class=\"fusion-no-lightbox\" href=\"http:\/\/sedra.hr\/de\/dienstleistungen\/projektmanagement-und-beratungsdienstleistungen\/\" target=\"_self\" aria-label=\"3-PROJEKTMANAGEMENT-300&#215;100-new\"><img decoding=\"async\" width=\"300\" height=\"100\" src=\"http:\/\/sedra.hr\/wp-content\/uploads\/2017\/10\/3-PROJEKTMANAGEMENT-300x100-new.jpg\" alt class=\"img-responsive wp-image-3008\"\/><\/a><\/span><\/div><div ><span class=\" fusion-imageframe imageframe-none imageframe-4 hover-type-none\"><a class=\"fusion-no-lightbox\" href=\"http:\/\/sedra.hr\/de\/dienstleistungen\/rechtsgutachten-fuer-bauwesen-und-immobilienbewertung\/\" target=\"_self\" aria-label=\"4-RECHTSGUTACHTEN-300&#215;100-new\"><img decoding=\"async\" width=\"300\" height=\"100\" src=\"http:\/\/sedra.hr\/wp-content\/uploads\/2017\/10\/4-RECHTSGUTACHTEN-300x100-new.jpg\" alt class=\"img-responsive wp-image-3006\"\/><\/a><\/span><\/div><div ><span class=\" fusion-imageframe imageframe-none imageframe-5 hover-type-none\"><a class=\"fusion-no-lightbox\" href=\"http:\/\/sedra.hr\/de\/dienstleistungen\/energieaudit-und-zertifizierung-von-objekten\/\" target=\"_self\" aria-label=\"5-ENERGIEAUDIT&#8211;300&#215;100-new\"><img decoding=\"async\" width=\"300\" height=\"100\" src=\"http:\/\/sedra.hr\/wp-content\/uploads\/2017\/10\/5-ENERGIEAUDIT-300x100-new.jpg\" alt class=\"img-responsive wp-image-3004\"\/><\/a><\/span><\/div><div ><span class=\" fusion-imageframe imageframe-none imageframe-6 hover-type-none\"><a class=\"fusion-no-lightbox\" href=\"http:\/\/sedra.hr\/de\/dienstleistungen\/arbeitsschutzkoordinator-i-und-ii\/\" target=\"_self\" aria-label=\"6-ARBEITSSCHUTZKOORDINATOR-300&#215;100-new\"><img decoding=\"async\" width=\"300\" height=\"100\" src=\"http:\/\/sedra.hr\/wp-content\/uploads\/2017\/10\/6-ARBEITSSCHUTZKOORDINATOR-300x100-new.jpg\" alt class=\"img-responsive wp-image-3016\"\/><\/a><\/span><\/div><div ><span class=\" fusion-imageframe imageframe-none imageframe-7 hover-type-none\"><a class=\"fusion-no-lightbox\" href=\"http:\/\/sedra.hr\/de\/dienstleistungen\/vermessungsdienstleistungen\/\" target=\"_self\" aria-label=\"7-VERMESSUNGSDIENSTLEISTUNGEN-300&#215;100-new\"><img decoding=\"async\" width=\"300\" height=\"100\" src=\"http:\/\/sedra.hr\/wp-content\/uploads\/2017\/10\/7-VERMESSUNGSDIENSTLEISTUNGEN-300x100-new.jpg\" alt class=\"img-responsive wp-image-3014\"\/><\/a><\/span><\/div><\/div><style type=\"text\/css\">.fusion-body .fusion-builder-column-2{width:33.333333333333% !important;margin-top : 25px;margin-bottom : 20px;}.fusion-builder-column-2 > .fusion-column-wrapper {padding-top : 0px !important;padding-right : 0px !important;margin-right : 5.76%;padding-bottom : 0px !important;padding-left : 0px !important;margin-left : 5.76%;}@media only screen and (max-width:1024px) {.fusion-body .fusion-builder-column-2{width:33.333333333333% !important;order : 0;}.fusion-builder-column-2 > .fusion-column-wrapper {margin-right : 5.76%;margin-left : 5.76%;}}@media only screen and (max-width:640px) {.fusion-body .fusion-builder-column-2{width:100% !important;order : 0;}.fusion-builder-column-2 > .fusion-column-wrapper {margin-right : 1.92%;margin-left : 1.92%;}}<\/style><\/div>\n<div class=\"fusion-layout-column fusion_builder_column fusion-builder-column-3 fusion_builder_column_1_1 1_1 fusion-flex-column fusion-flex-align-self-flex-start fusion-column-no-min-height\"><div class=\"fusion-column-wrapper fusion-flex-justify-content-flex-start fusion-content-layout-column\" style=\"background-position:left top;background-repeat:no-repeat;-webkit-background-size:cover;-moz-background-size:cover;-o-background-size:cover;background-size:cover;padding: 0px 0px 0px 0px;\"><div class=\"fusion-separator fusion-full-width-sep\" style=\"align-self: center;margin-left: auto;margin-right: auto;width:100%;\"><div class=\"fusion-separator-border sep-single sep-solid\" style=\"border-color:#b44c43;border-top-width:1px;\"><\/div><\/div><\/div><style type=\"text\/css\">.fusion-body .fusion-builder-column-3{width:100% !important;margin-top : 0px;margin-bottom : 0px;}.fusion-builder-column-3 > .fusion-column-wrapper {padding-top : 0px !important;padding-right : 0px !important;margin-right : 1.92%;padding-bottom : 0px !important;padding-left : 0px !important;margin-left : 1.92%;}@media only screen and (max-width:1024px) {.fusion-body .fusion-builder-column-3{width:100% !important;}.fusion-builder-column-3 > .fusion-column-wrapper {margin-right : 1.92%;margin-left : 1.92%;}}@media only screen and (max-width:640px) {.fusion-body .fusion-builder-column-3{width:100% !important;}.fusion-builder-column-3 > .fusion-column-wrapper {margin-right : 1.92%;margin-left : 1.92%;}}<\/style><\/div><\/div><style type=\"text\/css\">.fusion-fullwidth.fusion-builder-row-1 { overflow:visible; }.fusion-body .fusion-flex-container.fusion-builder-row-1{ padding-top : 0px;margin-top : 0px;padding-right : 0px;padding-bottom : 0px;margin-bottom : 0px;padding-left : 0px;}<\/style><\/div>\n","protected":false},"excerpt":{"rendered":"","protected":false},"author":1,"featured_media":0,"parent":3739,"menu_order":0,"comment_status":"closed","ping_status":"closed","template":"","meta":[],"yoast_head":"<!-- This site is optimized with the Yoast SEO plugin v20.3 - https:\/\/yoast.com\/wordpress\/plugins\/seo\/ -->\n<title>Arbeitsschutzkoordinator I und II - Sedra Consulting<\/title>\n<meta name=\"robots\" content=\"index, follow, max-snippet:-1, max-image-preview:large, max-video-preview:-1\" \/>\n<link rel=\"canonical\" href=\"https:\/\/sedra.hr\/de\/dienstleistungen\/arbeitsschutzkoordinator-i-und-ii\/\" \/>\n<meta property=\"og:locale\" content=\"de_DE\" \/>\n<meta property=\"og:type\" content=\"article\" \/>\n<meta property=\"og:title\" content=\"Arbeitsschutzkoordinator I und II - Sedra Consulting\" \/>\n<meta property=\"og:url\" content=\"https:\/\/sedra.hr\/de\/dienstleistungen\/arbeitsschutzkoordinator-i-und-ii\/\" \/>\n<meta property=\"og:site_name\" content=\"Sedra Consulting\" \/>\n<meta property=\"article:publisher\" content=\"https:\/\/hr-hr.facebook.com\/Sedra-consulting-1432815296953117\/\" \/>\n<meta property=\"article:modified_time\" content=\"2024-02-20T14:03:49+00:00\" \/>\n<meta name=\"twitter:card\" content=\"summary_large_image\" \/>\n<meta name=\"twitter:label1\" content=\"Gesch\u00e4tzte Lesezeit\" \/>\n\t<meta name=\"twitter:data1\" content=\"11\u00a0Minuten\" \/>\n<script type=\"application\/ld+json\" class=\"yoast-schema-graph\">{\"@context\":\"https:\/\/schema.org\",\"@graph\":[{\"@type\":\"WebPage\",\"@id\":\"https:\/\/sedra.hr\/de\/dienstleistungen\/arbeitsschutzkoordinator-i-und-ii\/\",\"url\":\"https:\/\/sedra.hr\/de\/dienstleistungen\/arbeitsschutzkoordinator-i-und-ii\/\",\"name\":\"Arbeitsschutzkoordinator I und II - Sedra Consulting\",\"isPartOf\":{\"@id\":\"https:\/\/sedra.hr\/en\/#website\"},\"datePublished\":\"2016-01-18T13:16:41+00:00\",\"dateModified\":\"2024-02-20T14:03:49+00:00\",\"breadcrumb\":{\"@id\":\"https:\/\/sedra.hr\/de\/dienstleistungen\/arbeitsschutzkoordinator-i-und-ii\/#breadcrumb\"},\"inLanguage\":\"de\",\"potentialAction\":[{\"@type\":\"ReadAction\",\"target\":[\"https:\/\/sedra.hr\/de\/dienstleistungen\/arbeitsschutzkoordinator-i-und-ii\/\"]}]},{\"@type\":\"BreadcrumbList\",\"@id\":\"https:\/\/sedra.hr\/de\/dienstleistungen\/arbeitsschutzkoordinator-i-und-ii\/#breadcrumb\",\"itemListElement\":[{\"@type\":\"ListItem\",\"position\":1,\"name\":\"Po\u010detna stranica\",\"item\":\"https:\/\/sedra.hr\/de\/\"},{\"@type\":\"ListItem\",\"position\":2,\"name\":\"Dienstleistungen\",\"item\":\"https:\/\/sedra.hr\/de\/dienstleistungen\/\"},{\"@type\":\"ListItem\",\"position\":3,\"name\":\"Arbeitsschutzkoordinator I und II\"}]},{\"@type\":\"WebSite\",\"@id\":\"https:\/\/sedra.hr\/en\/#website\",\"url\":\"https:\/\/sedra.hr\/en\/\",\"name\":\"Sedra Consulting\",\"description\":\"Dobrodo\u0161li na stranice SEDRA Consultinga\",\"publisher\":{\"@id\":\"https:\/\/sedra.hr\/en\/#organization\"},\"potentialAction\":[{\"@type\":\"SearchAction\",\"target\":{\"@type\":\"EntryPoint\",\"urlTemplate\":\"https:\/\/sedra.hr\/en\/?s={search_term_string}\"},\"query-input\":\"required name=search_term_string\"}],\"inLanguage\":\"de\"},{\"@type\":\"Organization\",\"@id\":\"https:\/\/sedra.hr\/en\/#organization\",\"name\":\"Sedra Consulting\",\"url\":\"https:\/\/sedra.hr\/en\/\",\"logo\":{\"@type\":\"ImageObject\",\"inLanguage\":\"de\",\"@id\":\"https:\/\/sedra.hr\/en\/#\/schema\/logo\/image\/\",\"url\":\"https:\/\/sedra.hr\/wp-content\/uploads\/2022\/08\/sedra-logo-e1453211711949-77.png\",\"contentUrl\":\"https:\/\/sedra.hr\/wp-content\/uploads\/2022\/08\/sedra-logo-e1453211711949-77.png\",\"width\":250,\"height\":75,\"caption\":\"Sedra Consulting\"},\"image\":{\"@id\":\"https:\/\/sedra.hr\/en\/#\/schema\/logo\/image\/\"},\"sameAs\":[\"https:\/\/hr-hr.facebook.com\/Sedra-consulting-1432815296953117\/\",\"https:\/\/www.linkedin.com\/company\/sedra-consulting-d.o.o.\",\"https:\/\/www.instagram.com\/sedra_consulting\/\"]}]}<\/script>\n<!-- \/ Yoast SEO plugin. -->","yoast_head_json":{"title":"Arbeitsschutzkoordinator I und II - Sedra Consulting","robots":{"index":"index","follow":"follow","max-snippet":"max-snippet:-1","max-image-preview":"max-image-preview:large","max-video-preview":"max-video-preview:-1"},"canonical":"https:\/\/sedra.hr\/de\/dienstleistungen\/arbeitsschutzkoordinator-i-und-ii\/","og_locale":"de_DE","og_type":"article","og_title":"Arbeitsschutzkoordinator I und II - Sedra Consulting","og_url":"https:\/\/sedra.hr\/de\/dienstleistungen\/arbeitsschutzkoordinator-i-und-ii\/","og_site_name":"Sedra Consulting","article_publisher":"https:\/\/hr-hr.facebook.com\/Sedra-consulting-1432815296953117\/","article_modified_time":"2024-02-20T14:03:49+00:00","twitter_card":"summary_large_image","twitter_misc":{"Gesch\u00e4tzte Lesezeit":"11\u00a0Minuten"},"schema":{"@context":"https:\/\/schema.org","@graph":[{"@type":"WebPage","@id":"https:\/\/sedra.hr\/de\/dienstleistungen\/arbeitsschutzkoordinator-i-und-ii\/","url":"https:\/\/sedra.hr\/de\/dienstleistungen\/arbeitsschutzkoordinator-i-und-ii\/","name":"Arbeitsschutzkoordinator I und II - Sedra Consulting","isPartOf":{"@id":"https:\/\/sedra.hr\/en\/#website"},"datePublished":"2016-01-18T13:16:41+00:00","dateModified":"2024-02-20T14:03:49+00:00","breadcrumb":{"@id":"https:\/\/sedra.hr\/de\/dienstleistungen\/arbeitsschutzkoordinator-i-und-ii\/#breadcrumb"},"inLanguage":"de","potentialAction":[{"@type":"ReadAction","target":["https:\/\/sedra.hr\/de\/dienstleistungen\/arbeitsschutzkoordinator-i-und-ii\/"]}]},{"@type":"BreadcrumbList","@id":"https:\/\/sedra.hr\/de\/dienstleistungen\/arbeitsschutzkoordinator-i-und-ii\/#breadcrumb","itemListElement":[{"@type":"ListItem","position":1,"name":"Po\u010detna stranica","item":"https:\/\/sedra.hr\/de\/"},{"@type":"ListItem","position":2,"name":"Dienstleistungen","item":"https:\/\/sedra.hr\/de\/dienstleistungen\/"},{"@type":"ListItem","position":3,"name":"Arbeitsschutzkoordinator I und II"}]},{"@type":"WebSite","@id":"https:\/\/sedra.hr\/en\/#website","url":"https:\/\/sedra.hr\/en\/","name":"Sedra Consulting","description":"Dobrodo\u0161li na stranice SEDRA Consultinga","publisher":{"@id":"https:\/\/sedra.hr\/en\/#organization"},"potentialAction":[{"@type":"SearchAction","target":{"@type":"EntryPoint","urlTemplate":"https:\/\/sedra.hr\/en\/?s={search_term_string}"},"query-input":"required name=search_term_string"}],"inLanguage":"de"},{"@type":"Organization","@id":"https:\/\/sedra.hr\/en\/#organization","name":"Sedra Consulting","url":"https:\/\/sedra.hr\/en\/","logo":{"@type":"ImageObject","inLanguage":"de","@id":"https:\/\/sedra.hr\/en\/#\/schema\/logo\/image\/","url":"https:\/\/sedra.hr\/wp-content\/uploads\/2022\/08\/sedra-logo-e1453211711949-77.png","contentUrl":"https:\/\/sedra.hr\/wp-content\/uploads\/2022\/08\/sedra-logo-e1453211711949-77.png","width":250,"height":75,"caption":"Sedra Consulting"},"image":{"@id":"https:\/\/sedra.hr\/en\/#\/schema\/logo\/image\/"},"sameAs":["https:\/\/hr-hr.facebook.com\/Sedra-consulting-1432815296953117\/","https:\/\/www.linkedin.com\/company\/sedra-consulting-d.o.o.","https:\/\/www.instagram.com\/sedra_consulting\/"]}]}},"_links":{"self":[{"href":"https:\/\/sedra.hr\/de\/wp-json\/wp\/v2\/pages\/3760"}],"collection":[{"href":"https:\/\/sedra.hr\/de\/wp-json\/wp\/v2\/pages"}],"about":[{"href":"https:\/\/sedra.hr\/de\/wp-json\/wp\/v2\/types\/page"}],"author":[{"embeddable":true,"href":"https:\/\/sedra.hr\/de\/wp-json\/wp\/v2\/users\/1"}],"replies":[{"embeddable":true,"href":"https:\/\/sedra.hr\/de\/wp-json\/wp\/v2\/comments?post=3760"}],"version-history":[{"count":5,"href":"https:\/\/sedra.hr\/de\/wp-json\/wp\/v2\/pages\/3760\/revisions"}],"predecessor-version":[{"id":4120,"href":"https:\/\/sedra.hr\/de\/wp-json\/wp\/v2\/pages\/3760\/revisions\/4120"}],"up":[{"embeddable":true,"href":"https:\/\/sedra.hr\/de\/wp-json\/wp\/v2\/pages\/3739"}],"wp:attachment":[{"href":"https:\/\/sedra.hr\/de\/wp-json\/wp\/v2\/media?parent=3760"}],"curies":[{"name":"wp","href":"https:\/\/api.w.org\/{rel}","templated":true}]}}